{"id":115,"date":"2017-02-16T10:43:44","date_gmt":"2017-02-16T10:43:44","guid":{"rendered":"http:\/\/redextremaduraverde.org\/web\/?page_id=115"},"modified":"2018-11-05T10:00:22","modified_gmt":"2018-11-05T10:00:22","slug":"liderazgos-verdes","status":"publish","type":"page","link":"https:\/\/www.redextremaduraverde.org\/web\/proyecto\/liderazgos-verdes\/","title":{"rendered":"Liderazgos verdes"},"content":{"rendered":"<p>Concienciaci\u00f3n y el desarrollo de un liderazgo ciudadano en torno a una herramienta tecnol\u00f3gica en internet que permitir\u00e1 acceder a una serie de programas para la concienciaci\u00f3n y el desarrollo de un nuevo liderazgo entre la ciudadan\u00eda y las organizaciones.<\/p>\n<h1>DESTINATARIOS<\/h1>\n<ul>\n<li>Organizaciones<\/li>\n<li>Poblaci\u00f3n en general<\/li>\n<\/ul>\n<h1>OBJETIVOS<\/h1>\n<ul>\n<li>Crear una herramienta para la concienciaci\u00f3n y desarrollo de un liderazgo ciudadano para convertir Extremadura en un referente mundial de econom\u00eda verde.<\/li>\n<li>Desarrollar un modelo de especializaci\u00f3n inteligente basado en la Estrategia de Econom\u00eda Verde Ciudadana en Extremadura.<\/li>\n<li>Desarrollar una econom\u00eda Verde impulsada por la ciudadan\u00eda, desde un enfoque econ\u00f3mico y social, en torno a retos globales como el cambio clim\u00e1tico, la econom\u00eda circular y la dehesa.<\/li>\n<li>Desarrollar un marco regional de concienciaci\u00f3n masiva a toda la poblaci\u00f3n extreme\u00f1a, basado en las m\u00faltiples fortalezas de la regi\u00f3n en proyectos de econom\u00eda verde, y sus enormes oportunidades desde generaci\u00f3n de riqueza y empleo.<\/li>\n<li>Crear una cultura verde como hecho diferencial de Extremadura basada en la econom\u00eda circular.<\/li>\n<li>Convertir el cambio clim\u00e1tico en una nueva oportunidad para el desarrollo de un nuevo paradigma de desarrollo en torno a nuevas profesiones.<\/li>\n<\/ul>\n<h1>Actividades<\/h1>\n<ul>\n<li class=\"p1\">Herramienta web para la sensibilizaci\u00f3n, concienciaci\u00f3n y entrenamiento.<\/li>\n<li class=\"p1\">Programas MOOC en liderazgo verde ( b\u00e1sico, 100 horas, 350 horas, 150 horas).<\/li>\n<li class=\"p1\">Microp\u00edldoras informativas.<\/li>\n<\/ul>\n<h1>M\u00c1S INFORMACI\u00d3N<\/h1>\n<ul>\n<li><a href=\"https:\/\/extremadura2030.com\/liderazgosverdes\">https:\/\/extremadura2030.com\/liderazgosverdes<\/a><\/li>\n<\/ul>\n","protected":false},"excerpt":{"rendered":"<p>Concienciaci\u00f3n y el desarrollo de un liderazgo ciudadano en torno a una herramienta tecnol\u00f3gica en internet que permitir\u00e1 acceder a una serie de programas para la concienciaci\u00f3n y el desarrollo de un nuevo liderazgo entre la ciudadan\u00eda y las organizaciones. DESTINATARIOS Organizaciones Poblaci\u00f3n en general OBJETIVOS Crear una herramienta para la concienciaci\u00f3n y desarrollo de un liderazgo ciudadano para convertir Extremadura en un referente mundial de econom\u00eda verde. Desarrollar un modelo de especializaci\u00f3n inteligente basado en la Estrategia de Econom\u00eda&hellip;<\/p>\n","protected":false},"author":3,"featured_media":0,"parent":19,"menu_order":0,"comment_status":"closed","ping_status":"closed","template":"","meta":{"jetpack_post_was_ever_published":false,"footnotes":""},"class_list":["post-115","page","type-page","status-publish","hentry"],"jetpack_sharing_enabled":true,"jetpack_shortlink":"https:\/\/wp.me\/P9MpCs-1R","_links":{"self":[{"href":"https:\/\/www.redextremaduraverde.org\/web\/wp-json\/wp\/v2\/pages\/115","targetHints":{"allow":["GET"]}}],"collection":[{"href":"https:\/\/www.redextremaduraverde.org\/web\/wp-json\/wp\/v2\/pages"}],"about":[{"href":"https:\/\/www.redextremaduraverde.org\/web\/wp-json\/wp\/v2\/types\/page"}],"author":[{"embeddable":true,"href":"https:\/\/www.redextremaduraverde.org\/web\/wp-json\/wp\/v2\/users\/3"}],"replies":[{"embeddable":true,"href":"https:\/\/www.redextremaduraverde.org\/web\/wp-json\/wp\/v2\/comments?post=115"}],"version-history":[{"count":6,"href":"https:\/\/www.redextremaduraverde.org\/web\/wp-json\/wp\/v2\/pages\/115\/revisions"}],"predecessor-version":[{"id":894,"href":"https:\/\/www.redextremaduraverde.org\/web\/wp-json\/wp\/v2\/pages\/115\/revisions\/894"}],"up":[{"embeddable":true,"href":"https:\/\/www.redextremaduraverde.org\/web\/wp-json\/wp\/v2\/pages\/19"}],"wp:attachment":[{"href":"https:\/\/www.redextremaduraverde.org\/web\/wp-json\/wp\/v2\/media?parent=115"}],"curies":[{"name":"wp","href":"https:\/\/api.w.org\/{rel}","templated":true}]}}