{"id":8,"date":"2017-06-08T10:33:41","date_gmt":"2017-06-08T10:33:41","guid":{"rendered":"http:\/\/redextremaduraverde.org\/oficina\/?page_id=8"},"modified":"2017-06-14T08:52:33","modified_gmt":"2017-06-14T08:52:33","slug":"acerca-de","status":"publish","type":"page","link":"https:\/\/www.redextremaduraverde.org\/oficina\/acerca-de\/","title":{"rendered":"Editorial"},"content":{"rendered":"<table style=\"height: 1214px;\" width=\"1237\">\n<tbody>\n<tr>\n<td>\n<p style=\"text-align: left;\">El programa Red Municipal de participaci\u00f3n y concienciaci\u00f3n social sobre la econom\u00eda verde y el patrimonio natural en Extremadura, forma parte de la estrategia regional EXTREMADURA 2030 y es fruto de una colaboraci\u00f3n entre la Junta de Extremadura y la Asociaci\u00f3n de Universidades Populares de Extremadura. Este programa tiene como objetivo la conservaci\u00f3n de la naturaleza mediante la identificaci\u00f3n, comunicaci\u00f3n, difusi\u00f3n, promoci\u00f3n y sensibilizaci\u00f3n de los recursos naturales.<\/p>\n<p>La Junta de Extremadura ha decidido emprender la transici\u00f3n hacia un referente propio de una econom\u00eda verde y circular, que configure un nuevo modelo productivo regional, capaz de generar riqueza y empleo, a trav\u00e9s de nuestras enormes fortalezas ligadas a nuestros recursos naturales y a nuestra especial situaci\u00f3n en relaci\u00f3n a los graves problemas a los que se enfrenta la Humanidad, como son el cambio clim\u00e1tico, la p\u00e9rdida imparable de biodiversidad, la falta de agua y de alimentos de calidad o la imperiosa necesidad de buscar fuentes alternativas de producci\u00f3n de energ\u00edas.\u00a0 Para ello la Junta de Extremadura ha dise\u00f1ado un marco regional de impulso a la econom\u00eda verde y circular, cuyo primer logro ha sido el concertarlo y consensuarlo con los agentes sociales extreme\u00f1os. En el desarrollo de esta estrategia una entidad como AUPEX cumple una funci\u00f3n esencial pues contribuye a territorializar la misma llegando al \u00e1mbito rural extreme\u00f1o a trav\u00e9s de sus 212 Universidades Populares. Con el proyecto de Red Municipal de participaci\u00f3n y concienciaci\u00f3n social sobre la econom\u00eda verde y el patrimonio natural en Extremadura ponemos a disposici\u00f3n de nuestras Universidades Populares 16 subproyectos que tratan, entre otras tem\u00e1ticas muy interesantes, de huertos escolares, formaci\u00f3n en liderazgo verde, certificaci\u00f3n de la dehesa, apadrinamiento de encinas, sumideros de carbono etc&#8230;<\/p>\n<p>La estrategia 2030 necesita de la construcci\u00f3n y participaci\u00f3n ciudadana, y en una regi\u00f3n con car\u00e1cter rural como la nuestra, se requieren pol\u00edticas locales que impulsen y dinamicen todo tipo de acciones encaminadas a la generaci\u00f3n de riqueza y empleo en torno a nuestro patrimonio natural. La acci\u00f3n local de la Universidad Popular, en base a la cercan\u00eda al ciudadano, es clave en el proceso de participaci\u00f3n ciudadana en una estrategia que de buen seguro va a marcar el desarrollo de nuestra regi\u00f3n en la pr\u00f3xima d\u00e9cada. Desde AUPEX, en estos 25 a\u00f1os de existencia como asociaci\u00f3n, hemos trabajado en tem\u00e1ticas medioambientales y de sostenibilidad y lo hemos hecho siempre bajo la misma premisa: pensamos globalmente y actuamos localmente.<\/p>\n<p style=\"text-align: right;\">AUPEX<br \/>\nAsociaci\u00f3n de Universidades Populares de Extremadura.<\/p>\n<table width=\"100%\">\n<tbody>\n<tr>\n<td>EDITA:<\/p>\n<p>AUPEX &#8211; Oficina de Asesoramiento en Emprendimiento Verde, proyecto inserto en el programa \u201c<strong>Red Municipal de participaci\u00f3n y concienciaci\u00f3n social sobre la econom\u00eda verde y el patrimonio natural en Extremadura\u201d, dentro del marco de la estrategia regional EXTREMADURA 2030.<\/strong><\/p>\n<p>FINANCIA:<\/p>\n<p>Este programa es cofinanciado por el Fondo Europeo Agr\u00edcola de Desarrollo Rural (FEADER) del Programa de Desarrollo Rural (P.D.R.) de Extremadura 2014-2020.<\/td>\n<\/tr>\n<\/tbody>\n<\/table>\n<\/td>\n<\/tr>\n<\/tbody>\n<\/table>\n","protected":false},"excerpt":{"rendered":"<p>El programa Red Municipal de participaci\u00f3n y concienciaci\u00f3n social sobre la econom\u00eda verde y el patrimonio natural en Extremadura, forma parte de la estrategia regional EXTREMADURA 2030 y es fruto de una colaboraci\u00f3n entre la Junta de Extremadura y la Asociaci\u00f3n de Universidades Populares de Extremadura. Este programa tiene como objetivo la conservaci\u00f3n de la&#8230; <\/p>\n<div class=\"link-more\"><a href=\"https:\/\/www.redextremaduraverde.org\/oficina\/acerca-de\/\">Lea m\u00e1s<\/a><\/div>\n","protected":false},"author":3,"featured_media":34,"parent":0,"menu_order":0,"comment_status":"closed","ping_status":"closed","template":"","meta":{"jetpack_post_was_ever_published":false,"footnotes":""},"class_list":["post-8","page","type-page","status-publish","has-post-thumbnail","hentry"],"jetpack_sharing_enabled":true,"jetpack_shortlink":"https:\/\/wp.me\/P8OUEd-8","_links":{"self":[{"href":"https:\/\/www.redextremaduraverde.org\/oficina\/wp-json\/wp\/v2\/pages\/8","targetHints":{"allow":["GET"]}}],"collection":[{"href":"https:\/\/www.redextremaduraverde.org\/oficina\/wp-json\/wp\/v2\/pages"}],"about":[{"href":"https:\/\/www.redextremaduraverde.org\/oficina\/wp-json\/wp\/v2\/types\/page"}],"author":[{"embeddable":true,"href":"https:\/\/www.redextremaduraverde.org\/oficina\/wp-json\/wp\/v2\/users\/3"}],"replies":[{"embeddable":true,"href":"https:\/\/www.redextremaduraverde.org\/oficina\/wp-json\/wp\/v2\/comments?post=8"}],"version-history":[{"count":13,"href":"https:\/\/www.redextremaduraverde.org\/oficina\/wp-json\/wp\/v2\/pages\/8\/revisions"}],"predecessor-version":[{"id":125,"href":"https:\/\/www.redextremaduraverde.org\/oficina\/wp-json\/wp\/v2\/pages\/8\/revisions\/125"}],"wp:featuredmedia":[{"embeddable":true,"href":"https:\/\/www.redextremaduraverde.org\/oficina\/wp-json\/wp\/v2\/media\/34"}],"wp:attachment":[{"href":"https:\/\/www.redextremaduraverde.org\/oficina\/wp-json\/wp\/v2\/media?parent=8"}],"curies":[{"name":"wp","href":"https:\/\/api.w.org\/{rel}","templated":true}]}}